{"id":90,"date":"2014-12-07T14:54:45","date_gmt":"2014-12-07T14:54:45","guid":{"rendered":"http:\/\/www.baumann-weingut.de\/wp\/?page_id=90"},"modified":"2014-12-07T17:28:10","modified_gmt":"2014-12-07T17:28:10","slug":"weinprobe","status":"publish","type":"page","link":"https:\/\/www.baumann-weingut.de\/wp\/?page_id=90","title":{"rendered":"Weinprobe"},"content":{"rendered":"<p>Genie\u00dfen Sie den Geschmack edler Weine, die unter s\u00fcdbadischer Sonne bei den deutschlandweit w\u00e4rmsten Temperaturen gewachsen sind!<\/p>\n<p>An sch\u00f6nen Tagen bieten wir Ihnen in unserem Familienweingut eine ausgiebige\u00a0<span class=\"brosi11px Stil1 Stil12\">Weinprobe<\/span>\u00a0im Freien an, direkt an unserer Weinhalle im Tuniberg, nahe beim Weingut, in den Rebbergen oberhalb Freiburgs. An (in S\u00fcdbaden zu Ihrem und unserem Gl\u00fcck eher seltenen) regnerischen Tagen steht Ihnen dort auch unser \u00fcberdachter Vorbereich oder &#8211; direkt im Weingut &#8211; unsere\u00a0Pergola mit Bruchsteinmauern zur Verf\u00fcgung. Und sollte es doch einmal k\u00fchl werden, so l\u00e4dt unser beheizter, exklusiver Verkaufsraum mit seiner ganz besonderen Atmosph\u00e4re und einem gem\u00fctlichen Ausschank- und Sitzbereich zum Verweilen ein &#8211; auf Wunsch nach einem kleinen Abstecher in unseren traditionsreichen\u00a0Barriquekeller&#8230;<\/p>\n<p>Genie\u00dfen\u00a0Sie eine Weinprobe in\u00a0gem\u00fctlicher Atmosph\u00e4re direkt vor Ort im Familienbetrieb am Tuniberg und <a href=\"https:\/\/www.baumann-weingut.de\/wp\/?page_id=94%20\">kontaktieren<\/a> Sie uns bitte f\u00fcr eine Terminvereinbarung!<\/p>\n","protected":false},"excerpt":{"rendered":"<p>Genie\u00dfen Sie den Geschmack edler Weine, die unter s\u00fcdbadischer Sonne bei den deutschlandweit w\u00e4rmsten Temperaturen gewachsen sind! An sch\u00f6nen Tagen bieten wir Ihnen in unserem Familienweingut eine ausgiebige\u00a0Weinprobe\u00a0im Freien an, direkt an unserer Weinhalle im Tuniberg, nahe beim Weingut, in den Rebbergen oberhalb Freiburgs. An (in S\u00fcdbaden zu Ihrem und unserem Gl\u00fcck eher seltenen) regnerischen [&hellip;]<\/p>\n","protected":false},"author":1,"featured_media":0,"parent":0,"menu_order":0,"comment_status":"closed","ping_status":"closed","template":"","meta":{"footnotes":""},"class_list":["post-90","page","type-page","status-publish","hentry"],"_links":{"self":[{"href":"https:\/\/www.baumann-weingut.de\/wp\/index.php?rest_route=\/wp\/v2\/pages\/90","targetHints":{"allow":["GET"]}}],"collection":[{"href":"https:\/\/www.baumann-weingut.de\/wp\/index.php?rest_route=\/wp\/v2\/pages"}],"about":[{"href":"https:\/\/www.baumann-weingut.de\/wp\/index.php?rest_route=\/wp\/v2\/types\/page"}],"author":[{"embeddable":true,"href":"https:\/\/www.baumann-weingut.de\/wp\/index.php?rest_route=\/wp\/v2\/users\/1"}],"replies":[{"embeddable":true,"href":"https:\/\/www.baumann-weingut.de\/wp\/index.php?rest_route=%2Fwp%2Fv2%2Fcomments&post=90"}],"version-history":[{"count":11,"href":"https:\/\/www.baumann-weingut.de\/wp\/index.php?rest_route=\/wp\/v2\/pages\/90\/revisions"}],"predecessor-version":[{"id":139,"href":"https:\/\/www.baumann-weingut.de\/wp\/index.php?rest_route=\/wp\/v2\/pages\/90\/revisions\/139"}],"wp:attachment":[{"href":"https:\/\/www.baumann-weingut.de\/wp\/index.php?rest_route=%2Fwp%2Fv2%2Fmedia&parent=90"}],"curies":[{"name":"wp","href":"https:\/\/api.w.org\/{rel}","templated":true}]}}